{"id":239,"date":"2008-10-10T07:58:50","date_gmt":"2008-10-10T06:58:50","guid":{"rendered":"http:\/\/www.motorkarizhabri.cz\/?page_id=239"},"modified":"2017-09-11T14:34:25","modified_gmt":"2017-09-11T13:34:25","slug":"cestni-clenove","status":"publish","type":"page","link":"https:\/\/www.motorkarizhabri.cz\/?page_id=239","title":{"rendered":"\u010cestn\u00ed \u010dlenov\u00e9"},"content":{"rendered":"<p><span style=\"font-family: verdana,geneva,sans-serif;\">\u010cestn\u00ed \u010dlenov\u00e9 jsou zodpov\u011bdn\u011b vyb\u00edr\u00e1ni podle z\u00e1sluh. Mus\u00ed n\u00e1s p\u0159esv\u011bd\u010dit o jejich p\u0159\u00ednosu<br \/>\npro MzH. Jejich povinnost\u00ed je, mimo jin\u00e9, z\u0159\u00eddit ve sv\u00fdch bydli\u0161t\u00edch konzul\u00e1ty. <\/span><\/p>\n<pre><span style=\"font-family: verdana,geneva,sans-serif;\"><strong>JaBa, Alex a Lesan m\u011bli tu \u010dest b\u00fdti p\u0159ijati 26.9.2008<\/strong><\/span><\/pre>\n<p><img decoding=\"async\" src=\"https:\/\/www.motorkarizhabri.cz\/fotky\/vizitky\/cestny_clen.jpg\" alt=\"\" \/> <img decoding=\"async\" src=\"https:\/\/www.motorkarizhabri.cz\/fotky\/vizitky\/cestny_clen2.jpg\" alt=\"\" \/> <img decoding=\"async\" src=\"https:\/\/www.motorkarizhabri.cz\/fotky\/vizitky\/alex.jpg\" alt=\"\" \/><\/p>\n<p><img decoding=\"async\" src=\"https:\/\/www.motorkarizhabri.cz\/fotky\/vizitky\/lesan.jpg\" alt=\"\" \/>\u00a0 <img decoding=\"async\" src=\"https:\/\/www.motorkarizhabri.cz\/fotky\/vizitky\/jabba2.jpg\" alt=\"\" \/><\/p>\n<p style=\"text-align: left;\"><span style=\"font-family: verdana,geneva,sans-serif;\">Bull a Bullov\u00e1 si rozhodn\u011b \u010destn\u00e9 \u010dlenstv\u00ed zaslou\u017e\u00ed. 16.11.2008<\/span><\/p>\n<p><img decoding=\"async\" src=\"https:\/\/www.motorkarizhabri.cz\/fotky\/vizitky\/bull.jpg\" alt=\"\" \/> <img decoding=\"async\" src=\"https:\/\/www.motorkarizhabri.cz\/fotky\/vizitky\/bullova.jpg\" alt=\"\" \/> <img decoding=\"async\" src=\"https:\/\/www.motorkarizhabri.cz\/fotky\/vizitky\/bull2.jpg\" alt=\"\" \/> <img decoding=\"async\" src=\"https:\/\/www.motorkarizhabri.cz\/fotky\/vizitky\/bull3.jpg\" alt=\"\" \/><\/p>\n<p style=\"text-align: left;\"><span style=\"font-family: verdana,geneva,sans-serif;\">Horne\u0165\u00e1k m\u00e1 pr\u00e1vo nosit na\u0161e tri\u010dko od 20.12.2008<\/span><\/p>\n<p><img decoding=\"async\" src=\"https:\/\/www.motorkarizhabri.cz\/fotky\/vizitky\/horna.jpg\" alt=\"\" \/> <img decoding=\"async\" src=\"https:\/\/www.motorkarizhabri.cz\/fotky\/vizitky\/horna2.jpg\" alt=\"\" \/><\/p>\n<pre><span style=\"font-family: verdana,geneva,sans-serif;\">Cccenda n\u00e1m u\u017e p\u011bkn\u00fdch p\u00e1r let po\u0159\u00e1d\u00e1 zimn\u00ed akci ,,Boulink kap\"(nejsme negramotn\u00ed, takhle\r\nje to spr\u00e1vn\u011b) a n\u011bkte\u0159\u00ed z n\u00e1s si p\u00e1rkr\u00e1t projeli jeho skv\u011bl\u00fd z\u00e1vod\u00a0 ITT. P\u0159i mnoha\r\np\u0159\u00edle\u017eitostech n\u00e1s nesm\u00edrn\u011b pobavil. Prost\u011b: tri\u010dko ,,\u010cestn\u00fd \u010dlen\" , kter\u00e9 dostal 1.4.2011\r\nsi ur\u010dit\u011b zaslou\u017e\u00ed. J\u00f3....! A jezd\u00ed na Hornetu! :-))\r\nA POZOR! Cccenda je prvn\u00edm \u010destn\u00fdm \u010dlenem, kter\u00fd si vzal k srdci sv\u00e9 povinnosti. A na jeho\r\nmoravsk\u00e9 chaloupce se necel\u00e9 dva m\u011bs\u00edce po dekorov\u00e1n\u00ed objevuje cedule:\r\n\"AMBAS\u00c1DA MOTORK\u00c1\u0158\u016e Z HAB\u0158\u00cd\" !\r\nCccendo, velik\u00e1nsk\u00e1 pochvala a pod\u011bkov\u00e1n\u00ed! :-) \u010cestn\u00fdm \u010dlenem je i Jani\u010dka.\r\nNa ,,Ambas\u00e1d\u011b\" ve Znom\u011b n\u00e1s krm\u00ed, ukl\u00e1d\u00e1 ke sp\u00e1nku, prost\u011b se o n\u00e1s star\u00e1 :-)))). A \u017ee to\r\nje \u00fakol n\u00e1ro\u010dn\u00fd, tak to tedy fakt v\u00edme! :-) !<\/span><\/pre>\n<p><img decoding=\"async\" loading=\"lazy\" src=\"https:\/\/www.motorkarizhabri.cz\/fotky\/vizitky\/ccenda1.jpg\" alt=\"\" width=\"600\" height=\"450\" \/><\/p>\n<p><img decoding=\"async\" src=\"https:\/\/www.motorkarizhabri.cz\/fotky\/vizitky\/ccenda2.jpg\" alt=\"\" \/><\/p>\n<p><img decoding=\"async\" src=\"https:\/\/www.motorkarizhabri.cz\/fotky\/vizitky\/ccenda3.jpg\" alt=\"\" \/><\/p>\n<p><img decoding=\"async\" src=\"https:\/\/www.motorkarizhabri.cz\/fotky\/vizitky\/ccenda4.jpg\" alt=\"\" \/><\/p>\n<pre><span style=\"font-family: verdana,geneva,sans-serif;\">\r\nRichard!!!!! Co dodat?! Kdo Richarda zn\u00e1, v\u00ed, \u017ee \u010dlenstv\u00ed bylo jen ot\u00e1zkou \u010dasu.\r\nA \u010das se naplnil p\u0159i p\u0159\u00edle\u017eitosti jeho kulat\u00fdch narozenin. Tak to by nerad sly\u0161el ;-)\r\nRichard je \u010dlenem \u00fa\u010dastn\u00edc\u00edm se kdejak\u00e9 ta\u0161ka\u0159ice, Richard je \u010dlenem platn\u00fdm a d\u016fle\u017eit\u00fdm.\r\nNa \u010dem te\u010f Richard jezd\u00ed je ot\u00e1zka. Ale rozhodn\u011b TO je oran\u017eov\u00e9 :-) !<\/span><\/pre>\n<p><img decoding=\"async\" loading=\"lazy\" src=\"https:\/\/www.motorkarizhabri.cz\/fotky\/vizitky\/richard1.jpg\" alt=\"\" width=\"600\" height=\"450\" \/><\/p>\n<p><img decoding=\"async\" src=\"https:\/\/www.motorkarizhabri.cz\/fotky\/vizitky\/richard2.jpg\" alt=\"\" \/><\/p>\n<p><img decoding=\"async\" src=\"https:\/\/www.motorkarizhabri.cz\/fotky\/vizitky\/richard3.jpg\" alt=\"\" \/><\/p>\n<pre><span style=\"font-family: verdana,geneva,sans-serif;\">Tak\u017ee kone\u010dn\u011b taky na n\u011bho do\u0161lo 14.4.2012, kulturn\u00ed d\u016fm Po\u010d\u00e1tky, divadeln\u00ed hra\r\n\" \u0160vag\u0159i\u010dky, aneb ... ) <\/span><span style=\"font-family: verdana,geneva,sans-serif;\">a W\u00e9na se st\u00e1v\u00e1 za hlasit\u00e9ho potlesku cel\u00e9ho divadla na\u0161\u00edm\r\ndal\u0161\u00edm ofici\u00e1ln\u00edm \u010cestn\u00fdm \u010dlenem !!\r\nW\u00e9no d\u00edky, zaslou\u017eil sis to.<\/span><\/pre>\n<p><img decoding=\"async\" src=\"https:\/\/www.motorkarizhabri.cz\/fotky\/vizitky\/wena.jpg\" alt=\"\" \/><\/p>\n<p><img decoding=\"async\" src=\"https:\/\/www.motorkarizhabri.cz\/fotky\/vizitky\/wena2.jpg\" alt=\"\" \/><\/p>\n<p><img decoding=\"async\" src=\"https:\/\/www.motorkarizhabri.cz\/fotky\/vizitky\/wena3.jpg\" alt=\"\" \/><\/p>\n","protected":false},"excerpt":{"rendered":"<p>\u010cestn\u00ed \u010dlenov\u00e9 jsou zodpov\u011bdn\u011b vyb\u00edr\u00e1ni podle z\u00e1sluh. Mus\u00ed n\u00e1s p\u0159esv\u011bd\u010dit o jejich p\u0159\u00ednosu pro MzH. Jejich povinnost\u00ed je, mimo jin\u00e9, z\u0159\u00eddit ve sv\u00fdch bydli\u0161t\u00edch konzul\u00e1ty. JaBa, Alex a Lesan m\u011bli tu \u010dest b\u00fdti p\u0159ijati 26.9.2008 \u00a0 Bull a Bullov\u00e1 si rozhodn\u011b \u010destn\u00e9 \u010dlenstv\u00ed zaslou\u017e\u00ed. 16.11.2008 Horne\u0165\u00e1k m\u00e1 pr\u00e1vo nosit na\u0161e tri\u010dko od 20.12.2008 Cccenda n\u00e1m [&hellip;]<\/p>\n","protected":false},"author":1,"featured_media":0,"parent":0,"menu_order":0,"comment_status":"open","ping_status":"closed","template":"","meta":{"ngg_post_thumbnail":0},"aioseo_notices":[],"_links":{"self":[{"href":"https:\/\/www.motorkarizhabri.cz\/index.php?rest_route=\/wp\/v2\/pages\/239"}],"collection":[{"href":"https:\/\/www.motorkarizhabri.cz\/index.php?rest_route=\/wp\/v2\/pages"}],"about":[{"href":"https:\/\/www.motorkarizhabri.cz\/index.php?rest_route=\/wp\/v2\/types\/page"}],"author":[{"embeddable":true,"href":"https:\/\/www.motorkarizhabri.cz\/index.php?rest_route=\/wp\/v2\/users\/1"}],"replies":[{"embeddable":true,"href":"https:\/\/www.motorkarizhabri.cz\/index.php?rest_route=%2Fwp%2Fv2%2Fcomments&post=239"}],"version-history":[{"count":34,"href":"https:\/\/www.motorkarizhabri.cz\/index.php?rest_route=\/wp\/v2\/pages\/239\/revisions"}],"predecessor-version":[{"id":8502,"href":"https:\/\/www.motorkarizhabri.cz\/index.php?rest_route=\/wp\/v2\/pages\/239\/revisions\/8502"}],"wp:attachment":[{"href":"https:\/\/www.motorkarizhabri.cz\/index.php?rest_route=%2Fwp%2Fv2%2Fmedia&parent=239"}],"curies":[{"name":"wp","href":"https:\/\/api.w.org\/{rel}","templated":true}]}}